{"id":3,"date":"2023-11-08T12:19:44","date_gmt":"2023-11-08T15:19:44","guid":{"rendered":"http:\/\/paulolimajunior.adv.br\/?page_id=3"},"modified":"2023-11-13T12:44:05","modified_gmt":"2023-11-13T15:44:05","slug":"politica-de-privacidade","status":"publish","type":"page","link":"https:\/\/paulolimajunior.adv.br\/?page_id=3","title":{"rendered":"Pol\u00edtica de privacidade"},"content":{"rendered":"\n<h2 class=\"wp-block-heading\">Quem somos<\/h2>\n\n\n\n<p>O escrit\u00f3rio Paulo Lima J\u00fanior Sociedade Unipessoal de Advocacia, fundado e situado em Curitiba-PR-BR, \u00e9 uma pessoa jur\u00eddica aut\u00f4noma e focada na presta\u00e7\u00e3o de servi\u00e7os advocat\u00edcios conforme a regulamenta\u00e7\u00e3o do \u00f3rg\u00e3o regulador da classe profissional, o Conselho Federal da OAB, os Conselhos Seccionais e as Subse\u00e7\u00f5es.  <\/p>\n\n\n\n<p>O endere\u00e7o do nosso site \u00e9: http:\/\/paulolimajunior.adv.br foi gerado com a plataforma WordPress, ent\u00e3o estamos sujeitos a <a href=\"https:\/\/br.wordpress.org\/about\/privacy\/\" target=\"_blank\" rel=\"noopener\" title=\"\">Pol\u00edtica de Privacidade da plataforma<\/a>, sobre as quais n\u00e3o temos controle. Conforme a <a href=\"https:\/\/www.planalto.gov.br\/ccivil_03\/_ato2015-2018\/2018\/lei\/l13709.htm\" target=\"_blank\" rel=\"noopener\" title=\"\">LGPD (Lei. 13.709 de 14 de agosto de 2018)<\/a> nossa atua\u00e7\u00e3o, em rela\u00e7\u00e3o \u00e0 plataforma WordPress, \u00e9 confgurada como Operador (art.5o, VII). <\/p>\n\n\n\n<p>Contudo, em rela\u00e7\u00e3o aos nossos visitantes e usu\u00e1rios, somos considerados Controladores (art.5o VI &#8211; LGPD) e considerados respons\u00e1veis pelo tratamento que damos aos dos dados pessoais dos usu\u00e1rios. <\/p>\n\n\n\n<h2 class=\"wp-block-heading\">Analytics<\/h2>\n\n\n\n<p>Para melhor entender o perfil e comportamento dos usu\u00e1rios no site, com o intuito de alinhar a produ\u00e7\u00e3o de conte\u00fado e outras estrat\u00e9gias para atingir maior p\u00fablico, utilizamos ferramentas de an\u00e1lise do tr\u00e1fego do site. Essas ferramentas s\u00e3o fornecidas pela pr\u00f3pria plataforma e, muitas vezes, produzidas por terceiros. Conhecer a pol\u00edtica de privacidade da WordPress ajuda a entender isso tudo: <a href=\"https:\/\/br.wordpress.org\/about\/privacy\/\" target=\"_blank\" rel=\"noopener\" title=\"\">https:\/\/br.wordpress.org\/about\/privacy\/<\/a> <\/p>\n\n\n\n<h2 class=\"wp-block-heading\">Coment\u00e1rios<\/h2>\n\n\n\n<p>Quando os visitantes deixam coment\u00e1rios no site, coletamos os dados mostrados no formul\u00e1rio de coment\u00e1rios, al\u00e9m do endere\u00e7o de IP e de dados do navegador do visitante, para auxiliar na detec\u00e7\u00e3o de spam.<\/p>\n\n\n\n<p>Uma sequ\u00eancia anonimizada de caracteres criada a partir do seu e-mail (tamb\u00e9m chamada de hash) poder\u00e1 ser enviada para o Gravatar para verificar se voc\u00ea usa o servi\u00e7o. A pol\u00edtica de privacidade do Gravatar est\u00e1 dispon\u00edvel aqui: https:\/\/automattic.com\/privacy\/. Depois da aprova\u00e7\u00e3o do seu coment\u00e1rio, a foto do seu perfil fica vis\u00edvel publicamente junto de seu coment\u00e1rio.<\/p>\n\n\n\n<p><\/p>\n\n\n\n<h2 class=\"wp-block-heading\">Cookies<\/h2>\n\n\n\n<p>Ao deixar um coment\u00e1rio no site, voc\u00ea poder\u00e1 optar por salvar seu nome, e-mail e site nos cookies. Isso visa seu conforto, assim voc\u00ea n\u00e3o precisar\u00e1 preencher seus  dados novamente quando fizer outro coment\u00e1rio. Estes cookies duram um ano.<\/p>\n\n\n\n<p>Se voc\u00ea tem uma conta e acessa este site, um cookie tempor\u00e1rio ser\u00e1 criado para determinar se seu navegador aceita cookies. Ele n\u00e3o cont\u00e9m nenhum dado pessoal e ser\u00e1 descartado quando voc\u00ea fechar seu navegador.<\/p>\n\n\n\n<p>Quando voc\u00ea acessa sua conta no site, tamb\u00e9m criamos v\u00e1rios cookies para salvar os dados da sua conta e suas escolhas de exibi\u00e7\u00e3o de tela. Cookies de login s\u00e3o mantidos por dois dias e cookies de op\u00e7\u00f5es de tela por um ano. Se voc\u00ea selecionar &#8220;Lembrar-me&#8221;, seu acesso ser\u00e1 mantido por duas semanas. Se voc\u00ea se desconectar da sua conta, os cookies de login ser\u00e3o removidos.<\/p>\n\n\n\n<p>Se voc\u00ea editar ou publicar um artigo, um cookie adicional ser\u00e1 salvo no seu navegador. Este cookie n\u00e3o inclui nenhum dado pessoal e simplesmente indica o ID do post referente ao artigo que voc\u00ea acabou de editar. Ele expira depois de 1 dia.<\/p>\n\n\n\n<h2 class=\"wp-block-heading\">M\u00eddia incorporada de outros sites<\/h2>\n\n\n\n<p>Artigos neste site podem incluir conte\u00fado incorporado como, por exemplo, v\u00eddeos, imagens, artigos, etc. Conte\u00fados incorporados de outros sites se comportam exatamente da mesma forma como se o visitante estivesse visitando o outro site.<\/p>\n\n\n\n<p>Estes sites podem coletar dados sobre voc\u00ea, usar cookies, incorporar rastreamento adicional de terceiros e monitorar sua intera\u00e7\u00e3o com este conte\u00fado incorporado, incluindo sua intera\u00e7\u00e3o com o conte\u00fado incorporado se voc\u00ea tem uma conta e est\u00e1 conectado com o site.<\/p>\n\n\n\n<h2 class=\"wp-block-heading\">Com quem compartilhamos seus dados<\/h2>\n\n\n\n<p>Os dados pessoais enviados atrav\u00e9s do formul\u00e1rio de contato, como nome, telefone e e-mail, ser\u00e3o armazenados e utilizados apenas para retornar os contatos. Posteriormente, ap\u00f3s a aprova\u00e7\u00e3o espec\u00edfica dos titulares, poder\u00e3o ser usados para elabora\u00e7\u00e3o de propostas, documentos e relat\u00f3rios internos. Os dados armazenados nos bancos de dados da plataforma e dos servidores de e-mail s\u00e3o mantidos na nuvem e podem ser objeto de transfer\u00eancia (inclusive internacional) pelos servi\u00e7os de hospedagem e armazenamento terceirizados. Em caso de d\u00favidas, podemos indicar todos os servi\u00e7os terceirizados utilizados para consulta da pol\u00edtica de seguran\u00e7a de dados dos mesmos. <\/p>\n\n\n\n<h2 class=\"wp-block-heading\">Por quanto tempo mantemos os seus dados<\/h2>\n\n\n\n<p>Se voc\u00ea deixar um coment\u00e1rio no site, o coment\u00e1rio e os seus metadados s\u00e3o conservados indefinidamente. Fazemos isso para que seja poss\u00edvel reconhecer e aprovar automaticamente qualquer coment\u00e1rio posterior ao inv\u00e9s de ret\u00ea-lo para modera\u00e7\u00e3o.<\/p>\n\n\n\n<p>Para usu\u00e1rios que enviam mensagens pelo formul\u00e1rio, tamb\u00e9m guardamos as informa\u00e7\u00f5es pessoais que fornecem . Todos os usu\u00e1rios podem solicitar as informa\u00e7\u00f5es referentes aos seus dados pessoais. Os administradores do site tamb\u00e9m podem ver e editar estas informa\u00e7\u00f5es.<\/p>\n\n\n\n<h2 class=\"wp-block-heading\">Quais os seus direitos sobre seus dados<\/h2>\n\n\n\n<p>Se voc\u00ea tiver deixado coment\u00e1rios, ou enviado mensagens pelo formul\u00e1rio, pode solicitar um arquivo exportado dos dados pessoais que mantemos sobre voc\u00ea, inclusive quaisquer dados que nos tenha fornecido. Tamb\u00e9m pode solicitar que removamos qualquer dado pessoal que mantemos sobre voc\u00ea. Isto n\u00e3o inclui nenhuns dados que somos obrigados a manter para prop\u00f3sitos administrativos, legais ou de seguran\u00e7a.<\/p>\n\n\n\n<h2 class=\"wp-block-heading\">Para onde seus dados s\u00e3o enviados<\/h2>\n\n\n\n<p>Coment\u00e1rios de visitantes podem ser marcados por um servi\u00e7o autom\u00e1tico de detec\u00e7\u00e3o de spam.<\/p>\n","protected":false},"excerpt":{"rendered":"<p>Quem somos O escrit\u00f3rio Paulo Lima J\u00fanior Sociedade Unipessoal de Advocacia, fundado e situado em Curitiba-PR-BR, \u00e9 uma pessoa jur\u00eddica aut\u00f4noma e focada na presta\u00e7\u00e3o de servi\u00e7os advocat\u00edcios conforme a regulamenta\u00e7\u00e3o do \u00f3rg\u00e3o regulador da classe profissional, o Conselho Federal da OAB, os Conselhos Seccionais e as Subse\u00e7\u00f5es. O endere\u00e7o do nosso site \u00e9: http:\/\/paulolimajunior.adv.br &#8230; <a title=\"Pol\u00edtica de privacidade\" class=\"read-more\" href=\"https:\/\/paulolimajunior.adv.br\/?page_id=3\" aria-label=\"More on Pol\u00edtica de privacidade\">Read more<\/a><\/p>\n","protected":false},"author":1,"featured_media":0,"parent":0,"menu_order":0,"comment_status":"closed","ping_status":"open","template":"","meta":{"_monsterinsights_skip_tracking":false,"_monsterinsights_sitenote_active":false,"_monsterinsights_sitenote_note":"","_monsterinsights_sitenote_category":0,"_uf_show_specific_survey":0,"_uf_disable_surveys":false,"footnotes":""},"aioseo_notices":[],"_links":{"self":[{"href":"https:\/\/paulolimajunior.adv.br\/index.php?rest_route=\/wp\/v2\/pages\/3"}],"collection":[{"href":"https:\/\/paulolimajunior.adv.br\/index.php?rest_route=\/wp\/v2\/pages"}],"about":[{"href":"https:\/\/paulolimajunior.adv.br\/index.php?rest_route=\/wp\/v2\/types\/page"}],"author":[{"embeddable":true,"href":"https:\/\/paulolimajunior.adv.br\/index.php?rest_route=\/wp\/v2\/users\/1"}],"replies":[{"embeddable":true,"href":"https:\/\/paulolimajunior.adv.br\/index.php?rest_route=%2Fwp%2Fv2%2Fcomments&post=3"}],"version-history":[{"count":2,"href":"https:\/\/paulolimajunior.adv.br\/index.php?rest_route=\/wp\/v2\/pages\/3\/revisions"}],"predecessor-version":[{"id":88,"href":"https:\/\/paulolimajunior.adv.br\/index.php?rest_route=\/wp\/v2\/pages\/3\/revisions\/88"}],"wp:attachment":[{"href":"https:\/\/paulolimajunior.adv.br\/index.php?rest_route=%2Fwp%2Fv2%2Fmedia&parent=3"}],"curies":[{"name":"wp","href":"https:\/\/api.w.org\/{rel}","templated":true}]}}