{"id":83,"date":"2023-11-13T11:21:05","date_gmt":"2023-11-13T14:21:05","guid":{"rendered":"https:\/\/paulolimajunior.adv.br\/?page_id=83"},"modified":"2026-02-20T16:06:37","modified_gmt":"2026-02-20T19:06:37","slug":"pessoal","status":"publish","type":"page","link":"https:\/\/paulolimajunior.adv.br\/?page_id=83","title":{"rendered":"Sobre a PLJ Advocacia"},"content":{"rendered":"\n<p><strong>Um escrit\u00f3rio de advocacia formado com o intuito de promover solu\u00e7\u00f5es para seus clientes, gerar e agregar valor \u00e0s suas vidas atrav\u00e9s da defesa e realiza\u00e7\u00e3o de direitos.<\/strong><\/p>\n\n\n\n<h2 class=\"wp-block-heading\">Direito como uma forma de ajudar as pessoas e seus neg\u00f3cios a resolver problemas.&nbsp;<\/h2>\n\n\n\n<p class=\"has-medium-font-size\"><strong>Miss\u00e3o:<\/strong> Nosso escrit\u00f3rio de advocacia se compromete a fornecer excel\u00eancia jur\u00eddica, orienta\u00e7\u00e3o \u00e9tica e solu\u00e7\u00f5es inovadoras para atender \u00e0s necessidades legais e comerciais dos nossos clientes e parceiros. Defender seus interesses com dedica\u00e7\u00e3o, profissionalismo e compromisso, assegurando a justi\u00e7a e a efic\u00e1cia em cada caso que assumimos.<\/p>\n\n\n\n<p class=\"has-medium-font-size\"><strong>Vis\u00e3o:<\/strong> Ser reconhecido como um escrit\u00f3rio de advocacia de refer\u00eancia, reconhecido pela qualidade excepcional de servi\u00e7os jur\u00eddicos prestados. Buscamos ser uma equipe altamente respeitada, comprometida com o constante aprimoramento e inova\u00e7\u00e3o, oferecendo solu\u00e7\u00f5es legais pioneiras e construindo relacionamentos de confian\u00e7a e duradouros com nossos clientes.<\/p>\n\n\n\n<p class=\"has-medium-font-size\">Nossos <strong>Valores<\/strong>:<\/p>\n\n\n\n<ol>\n<li class=\"has-medium-font-size\"><strong>Excel\u00eancia<\/strong>: Buscamos a excel\u00eancia em tudo o que fazemos, mantendo os mais altos padr\u00f5es profissionais e \u00e9ticos.<\/li>\n\n\n\n<li class=\"has-medium-font-size\"><strong>Integridade<\/strong>: Atuamos com integridade e transpar\u00eancia, seguindo princ\u00edpios \u00e9ticos e legais inabal\u00e1veis.<\/li>\n\n\n\n<li class=\"has-medium-font-size\"><strong>Comprometimento<\/strong>: Estamos comprometidos em compreender e satisfazer as necessidades dos nossos clientes, oferecendo solu\u00e7\u00f5es personalizadas e eficazes.<\/li>\n\n\n\n<li class=\"has-medium-font-size\"><strong>Respeito<\/strong>: Valorizamos a diversidade, respeitamos todas as pessoas envolvidas e cultivamos um ambiente inclusivo e colaborativo.<\/li>\n\n\n\n<li class=\"has-medium-font-size\"><strong>Inova\u00e7\u00e3o<\/strong>: Estamos sempre em busca de novas abordagens e solu\u00e7\u00f5es jur\u00eddicas inovadoras para atender \u00e0s demandas em constante evolu\u00e7\u00e3o do mundo jur\u00eddico e dos nossos clientes. Maneiras de atender melhor e agregar valor.<\/li>\n<\/ol>\n\n\n\n<p class=\"has-medium-font-size\">Esses princ\u00edpios orientam nossas a\u00e7\u00f5es di\u00e1rias e refletem nosso compromisso em ser um escrit\u00f3rio de advocacia que n\u00e3o apenas representa, mas tamb\u00e9m se preocupa genuinamente com o bem-estar e o sucesso dos nossos clientes.<\/p>\n\n\n\n<p class=\"has-base-2-background-color has-background has-medium-font-size\">Acreditamos no Direito como uma forma de ajudar as pessoas e neg\u00f3cios a resolver problemas, conflitos e fazer valer os seus direitos. Dar seguran\u00e7a e previsibilidade \u00e0s rela\u00e7\u00f5es jur\u00eddicas e neg\u00f3cios em geral. Concretizar sonhos e desfazer pesadelos.<\/p>\n\n\n\n<h2 class=\"wp-block-heading alignwide has-large-font-size\"><strong>Forma\u00e7\u00e3o Profissional<\/strong><\/h2>\n\n\n<div class=\"wp-block-image\">\n<figure class=\"aligncenter size-full is-resized\"><img loading=\"lazy\" decoding=\"async\" width=\"372\" height=\"450\" src=\"https:\/\/paulolimajunior.adv.br\/wp-content\/uploads\/2025\/02\/foto_perfil_paulo2-edited.jpg\" alt=\"\" class=\"wp-image-196\" style=\"width:165px;height:auto\" srcset=\"https:\/\/paulolimajunior.adv.br\/wp-content\/uploads\/2025\/02\/foto_perfil_paulo2-edited.jpg 372w, https:\/\/paulolimajunior.adv.br\/wp-content\/uploads\/2025\/02\/foto_perfil_paulo2-edited-248x300.jpg 248w\" sizes=\"(max-width: 372px) 100vw, 372px\" \/><\/figure><\/div>\n\n\n<p class=\"has-base-2-background-color has-background has-medium-font-size\">Graduado em Direito pela <strong>Universidade Tuiuti do Paran\u00e1<\/strong> <strong>(<a href=\"https:\/\/tuiuti.edu.br\/graduacao\/direito\/\" target=\"_blank\" rel=\"noopener\" title=\"UTP\">UTP<\/a>)<\/strong>, especializa\u00e7\u00e3o em Direito Digital, Prote\u00e7\u00e3o de Dados e Ciberseguran\u00e7a pela <strong>Pontif\u00edcia<\/strong> <strong>Universidade Cat\u00f3lica do Paran\u00e1<\/strong> <strong>(<a href=\"https:\/\/posdigital.pucpr.br\/cursos\/direito-4-0-direito-digital-protecao-de-dados-e-ciberseguranca\" target=\"_blank\" rel=\"noopener\" title=\"PUCPR\">PUCPR<\/a>)<\/strong>. Especialista em Processo Civil pela <strong>Escola Superior de Advocacia<\/strong> (<a href=\"https:\/\/esa.oab.org.br\/home\" title=\"\">ESA<\/a>) da OAB. <\/p>\n\n\n\n<p class=\"has-base-2-background-color has-background has-medium-font-size\">Experi\u00eancia com atua\u00e7\u00e3o profissional em \u00f3rg\u00e3os da <strong>Justi\u00e7a Estadual<\/strong> (MPPR), <strong>Justi\u00e7a Federal<\/strong> (JFPR, MPFPR) e <strong>Juizados Especiais<\/strong>. <\/p>\n\n\n\n<p class=\"has-base-2-background-color has-background has-medium-font-size\">Atua\u00e7\u00e3o em parceria com escrit\u00f3rios do <strong>Paran\u00e1<\/strong> e <strong>Santa Catarina<\/strong>, como preposto e assessoria em projetos especiais. <\/p>\n\n\n\n<p class=\"has-base-2-background-color has-background has-medium-font-size\">Atua\u00e7\u00e3o como freelancer em plataformas digitais. <\/p>\n","protected":false},"excerpt":{"rendered":"<p>Um escrit\u00f3rio de advocacia formado com o intuito de promover solu\u00e7\u00f5es para seus clientes, gerar e agregar valor \u00e0s suas vidas atrav\u00e9s da defesa e realiza\u00e7\u00e3o de direitos. Direito como uma forma de ajudar as pessoas e seus neg\u00f3cios a resolver problemas.&nbsp; Miss\u00e3o: Nosso escrit\u00f3rio de advocacia se compromete a fornecer excel\u00eancia jur\u00eddica, orienta\u00e7\u00e3o \u00e9tica &#8230; <a title=\"Sobre a PLJ Advocacia\" class=\"read-more\" href=\"https:\/\/paulolimajunior.adv.br\/?page_id=83\" aria-label=\"More on Sobre a PLJ Advocacia\">Read more<\/a><\/p>\n","protected":false},"author":1,"featured_media":0,"parent":0,"menu_order":0,"comment_status":"closed","ping_status":"closed","template":"","meta":{"_monsterinsights_skip_tracking":false,"_monsterinsights_sitenote_active":false,"_monsterinsights_sitenote_note":"","_monsterinsights_sitenote_category":0,"_uf_show_specific_survey":0,"_uf_disable_surveys":false,"footnotes":""},"aioseo_notices":[],"_links":{"self":[{"href":"https:\/\/paulolimajunior.adv.br\/index.php?rest_route=\/wp\/v2\/pages\/83"}],"collection":[{"href":"https:\/\/paulolimajunior.adv.br\/index.php?rest_route=\/wp\/v2\/pages"}],"about":[{"href":"https:\/\/paulolimajunior.adv.br\/index.php?rest_route=\/wp\/v2\/types\/page"}],"author":[{"embeddable":true,"href":"https:\/\/paulolimajunior.adv.br\/index.php?rest_route=\/wp\/v2\/users\/1"}],"replies":[{"embeddable":true,"href":"https:\/\/paulolimajunior.adv.br\/index.php?rest_route=%2Fwp%2Fv2%2Fcomments&post=83"}],"version-history":[{"count":6,"href":"https:\/\/paulolimajunior.adv.br\/index.php?rest_route=\/wp\/v2\/pages\/83\/revisions"}],"predecessor-version":[{"id":212,"href":"https:\/\/paulolimajunior.adv.br\/index.php?rest_route=\/wp\/v2\/pages\/83\/revisions\/212"}],"wp:attachment":[{"href":"https:\/\/paulolimajunior.adv.br\/index.php?rest_route=%2Fwp%2Fv2%2Fmedia&parent=83"}],"curies":[{"name":"wp","href":"https:\/\/api.w.org\/{rel}","templated":true}]}}